{"id":797,"date":"2012-07-06T10:09:30","date_gmt":"2012-07-06T07:09:30","guid":{"rendered":"https:\/\/www.enerjigazetesi.ist\/?page_id=797"},"modified":"2012-11-22T10:55:42","modified_gmt":"2012-11-22T07:55:42","slug":"ulkemizde-enerji-verimliligi-sektorunun-gelisimine-farkli-bir-bakis","status":"publish","type":"page","link":"https:\/\/www.enerjigazetesi.ist\/en\/ulkemizde-enerji-verimliligi-sektorunun-gelisimine-farkli-bir-bakis\/","title":{"rendered":"(Turkish) &#8217;\u00dclkemizde Enerji Verimlili\u011fi Sekt\u00f6r\u00fcn\u00fcn Geli\u015fimine Farkl\u0131 Bir Bak\u0131\u015f'"},"content":{"rendered":"<p class=\"qtranxs-available-languages-message qtranxs-available-languages-message-en\">Sorry, this entry is only available in <a href=\"https:\/\/www.enerjigazetesi.ist\/tr\/wp-json\/wp\/v2\/pages\/797\" class=\"qtranxs-available-language-link qtranxs-available-language-link-tr\" title=\"Turkish\">Turkish<\/a>. For the sake of viewer convenience, the content is shown below in the alternative language. You may click the link to switch the active language.<\/p><p>D\u00fcnyada, sanayi d\u00f6neminin \u00f6nc\u00fcleri olan b\u00fcy\u00fck sermayeli firmalar, bilgi toplumuna ge\u00e7i\u015f s\u00fcreci ile birlikte yerini esnek ve dinamik \u00e7al\u0131\u015fman\u0131n hakim oldu\u011fu k\u00fc\u00e7\u00fck ve orta boy i\u015fletmelere b\u0131rakm\u0131\u015ft\u0131r. D\u00fcnyadaki faaliyetlerini yava\u015flatan, as\u0131l hedefleri \u00fcr\u00fcnlerini satmak olan ancak dan\u0131\u015fmanl\u0131k alan\u0131nda da faaliyet g\u00f6steren b\u00fcy\u00fck firmalar \u00fclkemizi yeni pazar olarak g\u00f6rmekte, \u00fclkemizdeki ticari faaliyetlerini h\u0131zla s\u00fcrd\u00fcrmektedir. Bu firmalar\u0131n kar\u015f\u0131s\u0131nda ise ileri teknolojileri takip etmede daha etkin olan, kriz d\u00f6nemlerinde daha h\u0131zl\u0131 karar alabilen ve bu do\u011frultuda yap\u0131s\u0131n\u0131 farkl\u0131la\u015ft\u0131rabilen, b\u00fcy\u00fck ve k\u00fc\u00e7\u00fck \u00f6l\u00e7ekli t\u00fcm sekt\u00f6rlere hizmet verebilen, dinamik yap\u0131s\u0131 ile rekabeti g\u00fc\u00e7lendirerek tekel olu\u015fumunun engellenmesinde \u00f6nemli rol oynayabilen Dan\u0131\u015fmanl\u0131k \u015eirketleri piyasada var olma \u00e7abas\u0131na girmi\u015flerdir.<\/p>\n<p><img loading=\"lazy\" class=\"wp-image-798 alignright\" title=\"0,,15841909_401,00\" src=\"https:\/\/www.enerjigazetesi.ist\/wp-content\/uploads\/2012\/07\/015841909_40100-300x185.jpg\" alt=\"\" width=\"300\" height=\"185\" srcset=\"https:\/\/www.enerjigazetesi.ist\/wp-content\/uploads\/2012\/07\/015841909_40100-300x185.jpg 300w, https:\/\/www.enerjigazetesi.ist\/wp-content\/uploads\/2012\/07\/015841909_40100-500x309.jpg 500w, https:\/\/www.enerjigazetesi.ist\/wp-content\/uploads\/2012\/07\/015841909_40100-80x50.jpg 80w, https:\/\/www.enerjigazetesi.ist\/wp-content\/uploads\/2012\/07\/015841909_40100.jpg 609w\" sizes=\"(max-width: 300px) 100vw, 300px\" \/><\/p>\n<p>Enerji Verimlili\u011fi sekt\u00f6r\u00fc, \u00fclkemizde yak\u0131n gelecekte ekonomik, siyasi ve k\u00fclt\u00fcrel \u00f6neme sahip bir faaliyet alan\u0131 olacakt\u0131r.<\/p>\n<p>Enerji Verimlili\u011fi Dan\u0131\u015fmanl\u0131k \u015eirketlerinin geli\u015fmesi ve g\u00fc\u00e7lenmesinin, sekt\u00f6r\u00fcn de geli\u015fmesi ve g\u00fc\u00e7lenmesi anlam\u0131na gelece\u011fi muhakkakt\u0131r.<\/p>\n<p>D\u00fcnyada bir\u00e7ok \u00fclke kendi hizmet veya dan\u0131\u015fmanl\u0131k \u015firketlerinin geli\u015fimini desteklerken, \u00fclkemizin sekt\u00f6rel geli\u015fiminde \u00f6nemli bir yeri olan hizmetler sekt\u00f6r\u00fcn\u00fcn te\u015fvik edilmesinde anla\u015f\u0131lmaz durumlar g\u00f6zlenmektedir.<\/p>\n<p>Kamu kesiminin enerji verimlili\u011fi kredi desteklerinden yararlanmak isteyen KOB\u0130lere sa\u011flanacak te\u015fviklerde hizmet al\u0131nacak dan\u0131\u015fmanl\u0131k firmalar\u0131n\u0131 adreslemesi veya sadece bu firmalar ile anla\u015fmalar yapmas\u0131 do\u011fru de\u011fildir.<\/p>\n<p>T\u00fcrkiye\u2019nin \u00f6nde gelen \u015firketleri kendi geli\u015fmelerini destekleyecek dan\u0131\u015fmanl\u0131k hizmetleri al\u0131rken kendileri i\u00e7in en uygun se\u00e7imleri yapabilecek bilgi ve deneyime sahiptirler. Ancak, devletin kurumlar\u0131n\u0131n te\u015fvik verme kriteri olarak koydu\u011fu s\u0131n\u0131rlamalar, bu firmalar\u0131n kendileri i\u00e7in en iyi \u00e7\u00f6z\u00fcm\u00fc sa\u011flayacak firmalar\u0131 se\u00e7mesini de\u011fil, genellikle yabanc\u0131 dan\u0131\u015fmanl\u0131k firmalar\u0131 aras\u0131ndan se\u00e7im yapmalar\u0131n\u0131 dayatmaktad\u0131r.<\/p>\n<p>Bu durum ise \u00fclkemizde enerji verimlili\u011fi sekt\u00f6r\u00fcn\u00fcn geli\u015fmesini g\u00fc\u00e7le\u015ftiren, dan\u0131\u015fmanl\u0131k hizmetlerinin maliyetini d\u00fc\u015f\u00fcren ve yabanc\u0131 dan\u0131\u015fmanl\u0131k firmalar\u0131 lehine haks\u0131z rekabet unsurlar\u0131 i\u00e7eren bir uygulama haline d\u00f6n\u00fc\u015fmektedir.<\/p>\n<p>Firmalar\u0131n b\u00fcy\u00fckl\u00fc\u011f\u00fc yeterli bir kalite g\u00f6stergesi de\u011fildir.<\/p>\n<p>\u00dclkemizde faaliyet g\u00f6steren Enerji Verimlili\u011fi Dan\u0131\u015fmanl\u0131k \u015eirketlerinin \u00e7o\u011fu, hizmet standartlar\u0131n\u0131 art\u0131rmak amac\u0131 ile ulusal ve uluslararas\u0131 kalite sistemlerini kurmakta, teknolojik geli\u015fmeleri yak\u0131ndan takip etmekte, ARGE departmanlar\u0131 kurmakta, \u00fcr\u00fcn yelpazesi olu\u015fturmakta, yabanc\u0131 ortakl\u0131klar kurmak i\u00e7in giri\u015fimlerde bulunmakta, nitelikli eleman istihdam\u0131na y\u00f6nelmekte ve elemanlar\u0131n\u0131 s\u00fcrekli e\u011fitimden ge\u00e7irmektedir.<\/p>\n<p>Ekim 2011de y\u00fcr\u00fcrl\u00fc\u011fe giren Enerjinin ve enerji Kaynaklar\u0131n\u0131n Etkin Kullan\u0131m\u0131na \u0130li\u015fkin y\u00f6netmelikte Enerji Verimlili\u011fi Dan\u0131\u015fmanl\u0131k \u015eirketlerinin yap\u0131s\u0131 tamamen de\u011fi\u015ftirilmi\u015ftir. Yeni y\u00f6netmelikteki EVD firmalar\u0131ndan istenen mali portrenin boyutunun yan\u0131 s\u0131ra, nitelikli ve uzman eleman say\u0131s\u0131 dolay\u0131s\u0131yla personel harcamalar\u0131ndaki b\u00fcy\u00fck art\u0131\u015f, \u015firketlerin \u00f6zellikle mali a\u00e7\u0131dan b\u00fcy\u00fck y\u00fck alt\u0131na girmesine, piyasada sadece birka\u00e7 yabanc\u0131 k\u00f6kenli \u015firketin tekel olmas\u0131n\u0131n yolunu a\u00e7m\u0131\u015ft\u0131r. Yak\u0131n gelecekte Dan\u0131\u015fmanl\u0131k \u015eirketleri bu sekt\u00f6rden \u00e7ekilmek zorunda kalacak, bug\u00fcne kadar yapt\u0131klar\u0131 yat\u0131r\u0131mlar s\u00fcrd\u00fcr\u00fclen faaliyetler sadece kendilerine de\u011fil, \u00fclke ekonomisine de zarar olarak yaz\u0131lacakt\u0131r.<\/p>\n<p>Ayr\u0131ca bu uygulamalar, \u00fclkemizdeki enerji verimlili\u011fi sekt\u00f6r\u00fcn\u00fcn el de\u011fi\u015ftirmesini neden olacak bir unsur i\u00e7ermektedir.<\/p>\n<p>Elbette te\u015fvik edilen hizmetlerin kaliteli olmas\u0131n\u0131 kontrol etmek gerekebilir. Ancak, T\u00fcrk dan\u0131\u015fmanl\u0131k firmalar\u0131n\u0131 dezavantajl\u0131 durumda b\u0131rakan ve pazar\u0131 yabanc\u0131 \u015firketler lehine y\u00f6nlendiren bir uygulaman\u0131n do\u011fru olmad\u0131\u011f\u0131 a\u00e7\u0131kt\u0131r.<\/p>\n<p><strong>Arzu G\u00dcRKAN<\/strong><\/p>","protected":false},"excerpt":{"rendered":"<p>Sorry, this entry is only available in Turkish. For the sake of viewer convenience, the content is shown below in the alternative language. You may click the link to switch the active language.D\u00fcnyada, sanayi d\u00f6neminin \u00f6nc\u00fcleri olan b\u00fcy\u00fck sermayeli firmalar, bilgi toplumuna ge\u00e7i\u015f s\u00fcreci ile birlikte yerini esnek ve dinamik \u00e7al\u0131\u015fman\u0131n hakim oldu\u011fu k\u00fc\u00e7\u00fck ve [&hellip;]<\/p>\n","protected":false},"author":1,"featured_media":798,"parent":0,"menu_order":0,"comment_status":"open","ping_status":"open","template":"","meta":[],"_links":{"self":[{"href":"https:\/\/www.enerjigazetesi.ist\/en\/wp-json\/wp\/v2\/pages\/797"}],"collection":[{"href":"https:\/\/www.enerjigazetesi.ist\/en\/wp-json\/wp\/v2\/pages"}],"about":[{"href":"https:\/\/www.enerjigazetesi.ist\/en\/wp-json\/wp\/v2\/types\/page"}],"author":[{"embeddable":true,"href":"https:\/\/www.enerjigazetesi.ist\/en\/wp-json\/wp\/v2\/users\/1"}],"replies":[{"embeddable":true,"href":"https:\/\/www.enerjigazetesi.ist\/en\/wp-json\/wp\/v2\/comments?post=797"}],"version-history":[{"count":4,"href":"https:\/\/www.enerjigazetesi.ist\/en\/wp-json\/wp\/v2\/pages\/797\/revisions"}],"predecessor-version":[{"id":3681,"href":"https:\/\/www.enerjigazetesi.ist\/en\/wp-json\/wp\/v2\/pages\/797\/revisions\/3681"}],"wp:featuredmedia":[{"embeddable":true,"href":"https:\/\/www.enerjigazetesi.ist\/en\/wp-json\/wp\/v2\/media\/798"}],"wp:attachment":[{"href":"https:\/\/www.enerjigazetesi.ist\/en\/wp-json\/wp\/v2\/media?parent=797"}],"curies":[{"name":"wp","href":"https:\/\/api.w.org\/{rel}","templated":true}]}}