{"id":67393,"date":"2017-09-15T13:03:03","date_gmt":"2017-09-15T10:03:03","guid":{"rendered":"https:\/\/www.enerjigazetesi.ist\/?page_id=67393"},"modified":"2017-09-15T13:08:38","modified_gmt":"2017-09-15T10:08:38","slug":"enerji-haberleri-nde-5-inci-yilin-gururu-enerji-gazetesi","status":"publish","type":"page","link":"https:\/\/www.enerjigazetesi.ist\/en\/enerji-haberleri-hakkimizda\/enerji-haberleri-nde-5-inci-yilin-gururu-enerji-gazetesi\/","title":{"rendered":"(Turkish) Enerji Haberleri&#8217;nde 5.inci Y\u0131l\u0131n Gururu &#8216;Enerji Gazetesi'"},"content":{"rendered":"<p class=\"qtranxs-available-languages-message qtranxs-available-languages-message-en\">Sorry, this entry is only available in <a href=\"https:\/\/www.enerjigazetesi.ist\/tr\/wp-json\/wp\/v2\/pages\/67393\" class=\"qtranxs-available-language-link qtranxs-available-language-link-tr\" title=\"Turkish\">Turkish<\/a>. For the sake of viewer convenience, the content is shown below in the alternative language. You may click the link to switch the active language.<\/p><p><\/p>\n<h1>Enerji Haberleri&#8217;nde\u00a05.inci Y\u0131l\u0131n Gururu&#8217;Enerji Gazetesi&#8217;<\/h1>\n<p><strong>Global d\u00fcnyam\u0131zda ve \u00f6zellikle de \u00fclkemizin\u00a0i\u00e7inde yer ald\u0131\u011f\u0131\u00a0co\u011frafyada, \u00fclkeler aras\u0131 ekonomik ve siyasi ili\u015fkilerin arkas\u0131nda hep enerji ger\u00e7e\u011fi\u00a0vard\u0131r. Arama, \u00fcretim ve ta\u015f\u0131ma ve ticaret konusunda ENERJ\u0130 ihtiyac\u0131 artarak \u00e7ok\u00a0daha\u00a0\u00f6n planda olacakt\u0131r.<\/strong><\/p>\n<p><strong>EnerjiGazetesi; 5\u00a0y\u0131l\u0131 a\u015fk\u0131n s\u00fcredir<\/strong>,\u00a0<strong>temiz &amp; yenilenebilir enerji<\/strong> ve <strong>enerji verimlili\u011fi <\/strong>ba\u015fta olmak \u00fczere <strong>enerji sekt\u00f6r\u00fcn\u00fcn her dal\u0131nda<\/strong>\u00a0\u00a0tarafs\u0131z, g\u00fcncel ve ilkeli sekt\u00f6rel anlay\u0131\u015f ile ilerleyen <strong>7\/24 online<\/strong> enerji haber platformudur.<\/p>\n<p>Enerji Gazetesi, ba\u011f\u0131ms\u0131z, tarafs\u0131z ve ilkeli yay\u0131nc\u0131l\u0131k anlay\u0131\u015f\u0131n\u0131 benimsemi\u015f olan enerji haberleri\u00a0portal\u0131 olarak d\u00fcnyadan ve T\u00fcrkiye&#8217;den en g\u00fcncel enerji haberleri yay\u0131mc\u0131l\u0131\u011f\u0131 yapmaktad\u0131r.<\/p>\n<p><i><span style=\"font-weight: bold;\">Enerji Gazetesi, genel gazetecilik ilkelerine uygun\u00a0yay\u0131mc\u0131l\u0131k yapmaktad\u0131r.<br \/>\nK\u00f6\u015fe yaz\u0131lar\u0131 Enerji Gazetesi`nin g\u00f6r\u00fc\u015flerini kesinlikle yans\u0131tmamakta\u00a0sadece yazarlar\u0131n kendisini ba\u011flamaktad\u0131r.<\/span><\/i><\/p>\n<p><strong>\u0130leti\u015fim:<\/strong><br \/>\nE-posta: info@enerjigazetesi.ist &#8211; Web: www.enerjigazetesi.ist<br \/>\nFacebook: http:\/\/facebook.com\/enerjigazetesi<br \/>\nTwitter: http:\/\/twitter.com\/enerjigazetesii<\/p>","protected":false},"excerpt":{"rendered":"<p>Sorry, this entry is only available in Turkish. For the sake of viewer convenience, the content is shown below in the alternative language. You may click the link to switch the active language. Enerji Haberleri&#8217;nde\u00a05.inci Y\u0131l\u0131n Gururu&#8217;Enerji Gazetesi&#8217; Global d\u00fcnyam\u0131zda ve \u00f6zellikle de \u00fclkemizin\u00a0i\u00e7inde yer ald\u0131\u011f\u0131\u00a0co\u011frafyada, \u00fclkeler aras\u0131 ekonomik ve siyasi ili\u015fkilerin arkas\u0131nda hep enerji [&hellip;]<\/p>\n","protected":false},"author":1,"featured_media":0,"parent":2,"menu_order":0,"comment_status":"open","ping_status":"closed","template":"","meta":[],"_links":{"self":[{"href":"https:\/\/www.enerjigazetesi.ist\/en\/wp-json\/wp\/v2\/pages\/67393"}],"collection":[{"href":"https:\/\/www.enerjigazetesi.ist\/en\/wp-json\/wp\/v2\/pages"}],"about":[{"href":"https:\/\/www.enerjigazetesi.ist\/en\/wp-json\/wp\/v2\/types\/page"}],"author":[{"embeddable":true,"href":"https:\/\/www.enerjigazetesi.ist\/en\/wp-json\/wp\/v2\/users\/1"}],"replies":[{"embeddable":true,"href":"https:\/\/www.enerjigazetesi.ist\/en\/wp-json\/wp\/v2\/comments?post=67393"}],"version-history":[{"count":1,"href":"https:\/\/www.enerjigazetesi.ist\/en\/wp-json\/wp\/v2\/pages\/67393\/revisions"}],"predecessor-version":[{"id":67394,"href":"https:\/\/www.enerjigazetesi.ist\/en\/wp-json\/wp\/v2\/pages\/67393\/revisions\/67394"}],"up":[{"embeddable":true,"href":"https:\/\/www.enerjigazetesi.ist\/en\/wp-json\/wp\/v2\/pages\/2"}],"wp:attachment":[{"href":"https:\/\/www.enerjigazetesi.ist\/en\/wp-json\/wp\/v2\/media?parent=67393"}],"curies":[{"name":"wp","href":"https:\/\/api.w.org\/{rel}","templated":true}]}}