{"id":65726,"date":"2025-03-21T09:00:40","date_gmt":"2025-03-21T06:00:40","guid":{"rendered":"https:\/\/www.enerjigazetesi.ist\/?page_id=65726"},"modified":"2025-03-21T16:19:47","modified_gmt":"2025-03-21T13:19:47","slug":"cigdem-yorgancioglu","status":"publish","type":"page","link":"https:\/\/www.enerjigazetesi.ist\/en\/kose-yazarlarimiz-ve-yazilari\/cigdem-yorgancioglu\/","title":{"rendered":"(Turkish) \u00c7i\u011fdem Yorganc\u0131o\u011flu | T\u00fcm K\u00f6\u015fe Yaz\u0131lar\u0131"},"content":{"rendered":"<p class=\"qtranxs-available-languages-message qtranxs-available-languages-message-en\">Sorry, this entry is only available in <a href=\"https:\/\/www.enerjigazetesi.ist\/tr\/wp-json\/wp\/v2\/pages\/65726\" class=\"qtranxs-available-language-link qtranxs-available-language-link-tr\" title=\"Turkish\">Turkish<\/a>. For the sake of viewer convenience, the content is shown below in the alternative language. You may click the link to switch the active language.<\/p><p><a href=\"https:\/\/www.enerjigazetesi.ist\/enerji-sektoru-hukumet-politikalari-ve-enerji-diplomasisi-baglamsalligi\/\">Enerji Sekt\u00f6r\u00fc H\u00fck\u00fcmet Politikalar\u0131 ve Enerji Diplomasisi Ba\u011flamsall\u0131\u011f\u0131<br \/>\n<\/a><\/p>\n<p><a href=\"https:\/\/www.enerjigazetesi.ist\/clc-360-mim-chi-360-perspektifli-gelecege-deger-projesine-dokunuslar\/\">CLC 360 \u2013 MIM Chi 360 Perspektifli \u201cGelece\u011fe De\u011fer\u201d Projesine Dokunu\u015flar<br \/>\n<\/a><\/p>\n<p><a href=\"https:\/\/www.enerjigazetesi.ist\/clc-360-etik-enerji-gazeteciligi\/\">CLC 360 Etik Enerji Gazetecili\u011fi<br \/>\n<\/a><\/p>\n<p><a href=\"https:\/\/www.enerjigazetesi.ist\/clc-360-crm-ile-yeni-nesil-bilisim-egitim-ve-yapay-zeka-vizyonu\/\">CLC 360 &amp; CRM ile Yeni Nesil Bili\u015fim, E\u011fitim ve Yapay Zeka Vizyonu\u2026<br \/>\n<\/a><\/p>\n<p><a href=\"https:\/\/www.enerjigazetesi.ist\/cigdem-yorgancioglu-kktc-etkinliginin-diplomatik-davetli-konugu-oldu\/\">\u2018\u00c7i\u011fdem Yorganc\u0131o\u011flu\u2019 KKTC Etkinli\u011finin Diplomatik Davetli Konu\u011fu Oldu<br \/>\n<\/a><\/p>\n<p><a href=\"https:\/\/www.enerjigazetesi.ist\/fransiz-konsoloslugu-nda-chi-ci-talks-iklim-jeopolitigi\/\">Frans\u0131z Konsoloslu\u011fu\u2019nda Chi Ci Talks \u2018\u0130klim Jeopoliti\u011fi\u2019<br \/>\n<\/a><\/p>\n<p><a href=\"https:\/\/www.enerjigazetesi.ist\/yorgancioglu-gozu-ile-ortadogu-ates-cemberi-casus-belli-jus-in-bello\/\">Yorganc\u0131o\u011flu G\u00f6z\u00fc ile Ortado\u011fu Ate\u015f \u00c7emberi \u2013 Casus Belli &amp; Jus in Bello<br \/>\n<\/a><\/p>\n<p><a href=\"https:\/\/www.enerjigazetesi.ist\/cigdem-yorgancioglu-un-water-bm-dunya-su-gunu-taahhudu\/\">\u2018\u00c7i\u011fdem Yorganc\u0131o\u011flu\u2019 UN-Water \u2013 BM D\u00fcnya Su G\u00fcn\u00fc Taahh\u00fcd\u00fc<\/a><\/p>\n<p><a href=\"https:\/\/www.enerjigazetesi.ist\/kanada-nin-enerji-gorunumu\/\">Kanada\u2019n\u0131n Enerji G\u00f6r\u00fcn\u00fcm\u00fc\u2026<\/a><\/p>\n<p><a href=\"https:\/\/www.enerjigazetesi.ist\/en\/why-green-protocol-and-sustainability-significance\/\">Why Green Protocol and Sustainability Significance<\/a><\/p>\n<p><a href=\"https:\/\/www.enerjigazetesi.ist\/cigdem-yorgancioglu-ve-olgun-amcaoglu-diplomatik-resepsiyondaydi\/\">\u00c7i\u011fdem Yorganc\u0131o\u011flu ve Olgun Amcao\u011flu Diplomatik Resepsiyondayd\u0131<\/a><\/p>\n<p><a href=\"https:\/\/www.enerjigazetesi.ist\/cigdem-yorgancioglu-diplomatik-roportaj-avusturya\/\">\u00c7i\u011fdem Yorganc\u0131o\u011flu Diplomatik R\u00f6portaj \u2013 Avusturya<\/a><\/p>\n<p><a href=\"https:\/\/www.enerjigazetesi.ist\/un-2023-water-conference-nabzi-ve-lmglobal-org-cigdem-yorgancioglu\/\">UN 2023 Water Conference Nabz\u0131 ve LMGlobal.Org &amp; \u00c7i\u011fdem Yorganc\u0131o\u011flu<\/a><\/p>\n<p><a href=\"https:\/\/www.enerjigazetesi.ist\/avrupada-son-donem-dogalgaz-elektrik-fiyatlari-ve-temiz-enerji-gorunumu\/\">Avrupa\u2019da Son D\u00f6nem Do\u011falgaz &amp; Elektrik Fiyatlar\u0131 ve Temiz Enerji G\u00f6r\u00fcn\u00fcm\u00fc<\/a><\/p>\n<p><a href=\"https:\/\/www.enerjigazetesi.ist\/makale-turk-akim-boru-hatti-projesi-acilis-toreni-gorunumunden-izlenimler\/\">T\u00fcrk Ak\u0131m Boru Hatt\u0131 Projesi A\u00e7\u0131l\u0131\u015f T\u00f6reni G\u00f6r\u00fcn\u00fcm\u00fcnden \u0130zlenimler<\/a><\/p>\n<p><a href=\"https:\/\/www.enerjigazetesi.ist\/temiz-enerji-bilim-ve-teknolojide-kadin-liderler-konferansi-ndan-izlenimler\/\">\u2018Temiz Enerji, Bilim ve Teknolojide Kad\u0131n Liderler\u2019 Konferans\u0131\u2019ndan \u0130zlenimler<\/a><\/p>\n<p><a href=\"https:\/\/www.enerjigazetesi.ist\/dogu-akdenizin-de-yasanan-sicak-gelismeler-ve-olusturdugu-hava-dalgasi\/\">Do\u011fu Akdeniz\u2019de Ya\u015fanan S\u0131cak Geli\u015fmeler ve Olu\u015fturdu\u011fu Hava Dalgas\u0131<\/a><\/p>\n<p><a href=\"https:\/\/www.enerjigazetesi.ist\/renewable-energy-outlook-and-perspectives-in-pakistan\/\">Renewable Energy Outlook And Perspectives In Pakistan<\/a><\/p>\n<p><a href=\"https:\/\/www.enerjigazetesi.ist\/makale-venezueladan-yakin-donem-enerji-gorunumu\/\">Venezuela\u2019dan Yak\u0131n D\u00f6nem Enerji G\u00f6r\u00fcn\u00fcm\u00fc<\/a><\/p>\n<p><a href=\"https:\/\/www.enerjigazetesi.ist\/doc-dr-sule-ergun-ngslerin-karbon-ayak-izleri-cok-dusuktur\/\">Do\u00e7. Dr. \u015eule Erg\u00fcn: \u201cNGS\u2019lerin Karbon Ayak \u0130zleri \u00c7ok D\u00fc\u015f\u00fckt\u00fcr\u201d<\/a><\/p>\n<p><a href=\"https:\/\/www.enerjigazetesi.ist\/kuzey-akim-2-dogalgaz-boru-hatti-projesinde-yakin-donem-gelismeler\/\">\u2018Kuzey Ak\u0131m 2 Do\u011falgaz Boru Hatt\u0131 Projesi\u2019nde Yak\u0131n D\u00f6nem Geli\u015fmeler<\/a><\/p>\n<p><a href=\"https:\/\/www.enerjigazetesi.ist\/renewable-energy-tracks-of-china-vs-fossil-fuel-power-plants\/\">Renewable Energy Tracks Of China Vs Fossil-Fuel Power Plants<\/a><\/p>\n<p><a href=\"https:\/\/www.enerjigazetesi.ist\/yazarimiz-cigdem-yorgancioglu-cin-guangzhoda-ulkemizi-temsil-etti\/\">Yazar\u0131m\u0131z Sn. Yorganc\u0131o\u011flu, \u00c7in \u2018Guangzho\u2019da \u00dclkemizi Temsil Etti<\/a><\/p>\n<p><a href=\"https:\/\/www.enerjigazetesi.ist\/ieefa-ne-kadar-yenilenebilir-enerji-teknolojisi-tercihi-o-kadar-az-komur\/\" rel=\"noopener\">IEEFA: &#8220;2018 D\u00fcnya Enerji G\u00f6r\u00fcn\u00fcm\u00fc&#8221; Raporu Diyor ki Ne Kadar Yen\u0131lenebilir Enerji Teknolojisi Tercihi, O Kadar Az K\u00f6m\u00fcr<\/a><\/p>\n<p><a href=\"https:\/\/www.enerjigazetesi.ist\/turk-akiminin-bolgesel-enerji-denklemindeki-manyetik-alan-cizgileri\/\">T\u00fcrk Ak\u0131m\u0131\u2019n\u0131n B\u00f6lgesel Enerji Denklemindeki Manyetik Alan \u00c7izgileri\u2026<\/a><\/p>\n<p><a href=\"https:\/\/www.enerjigazetesi.ist\/fosil-yakitlar-ile-nereye-kadar\/\">Fosil Yak\u0131tlar \u0130le Nereye Kadar?<\/a><\/p>\n<p><a href=\"https:\/\/www.enerjigazetesi.ist\/dogalgaz-piyasasinda-agustos-sicagi\/\">Do\u011falgaz Piyasas\u0131nda A\u011fustos S\u0131ca\u011f\u0131!<\/a><\/p>\n<p><a href=\"https:\/\/www.enerjigazetesi.ist\/yaptirimlara-karsi-iran-hurmuz-bogazi-kartini-masaya-koydu\/\">Yapt\u0131r\u0131mlara Kar\u015f\u0131 \u0130ran, H\u00fcrm\u00fcz Bo\u011faz\u0131 Kart\u0131n\u0131 Masaya Koydu<\/a><\/p>\n<p><a href=\"https:\/\/www.enerjigazetesi.ist\/koridorda-arz-guvenligi-bu-kez-tanap-ile-arz-edildi\/\">Koridorda Arz G\u00fcvenli\u011fi Bu Kez Tanap \u0130le Arz Edildi<\/a><\/p>\n<p><a href=\"https:\/\/www.enerjigazetesi.ist\/turkiyede-iklim-degisikligi-algisi-ve-yenilenebilir-enerji-tercihleri\/\">T\u00fcrkiye\u2019de \u0130klim De\u011fi\u015fikli\u011fi Alg\u0131s\u0131 ve Yenilenebilir Enerji Tercihleri<\/a><\/p>\n<p><a href=\"https:\/\/www.enerjigazetesi.ist\/icci-2018-fuari-ve-konferansi-ozelinde-icci-enerji-odulleri\/\">ICCI 2018 Fuar\u0131 ve Konferans\u0131 \u00d6zelinde ICCI Enerji \u00d6d\u00fclleri<\/a><\/p>\n<p><a href=\"https:\/\/www.enerjigazetesi.ist\/yakin-donem-japonya-enerji-gorunumunden-kesitler\/\">Yak\u0131n D\u00f6nem Japonya Enerji G\u00f6r\u00fcn\u00fcm\u00fcnden Kesitler<\/a><\/p>\n<p><a href=\"https:\/\/www.enerjigazetesi.ist\/khu-turkiye-toplumunun-enerji-tercihleri-2017-arastirma-sonuclarina-dair\/\">KH\u00dc T\u00fcrkiye Toplumunun Enerji Tercihleri 2017 Ara\u015ft\u0131rma Sonu\u00e7lar\u0131na Dair<\/a><\/p>\n<p><a href=\"https:\/\/www.enerjigazetesi.ist\/enerji-hukukunun-anayasa-mahkemesi-kararlari-perspektifi\/\">Enerji Hukukunun, Anayasa Mahkemesi Kararlar\u0131 Perspektifi\u2026<\/a><\/p>\n<p><a href=\"https:\/\/www.enerjigazetesi.ist\/sucool-2018-enerji-temiz-teknolojileri-girisimcilik-programlari\/\">SUCool 2018 Enerji &amp; Temiz Teknolojileri Giri\u015fimcilik Programlar\u0131<\/a><\/p>\n<p><a href=\"https:\/\/www.enerjigazetesi.ist\/elektrik-piyasasinda-kayip-ve-kacaklara-regulasyonlar-ozelinde-dokunuslar\/\">Elektrik Piyasas\u0131nda Kay\u0131p Ve Ka\u00e7aklara, Reg\u00fclasyonlar \u00d6zelinde Dokunu\u015flar<\/a><\/p>\n<p><a href=\"https:\/\/www.enerjigazetesi.ist\/umman-oman-yakin-donem-enerji-persektifi\/\" rel=\"noopener\">Umman (Oman) Yak\u0131n D\u00f6nem Enerji Persektifi<\/a><\/p>\n<p><a href=\"https:\/\/www.enerjigazetesi.ist\/batakligin-siyahi-gulu-kara-elmas-2018\/\">Batakl\u0131\u011f\u0131n Siyahi G\u00fcl\u00fc Kara Elmas 2018; K\u00f6m\u00fcr Arenas\u0131nda, Enerji Akt\u00f6rleri 2018 de Nas\u0131l Pozisyonlan\u0131yor<\/a><\/p>\n<p><a href=\"https:\/\/www.enerjigazetesi.ist\/enerji-savasi-fitili-ateslenince-dogu-akdenizde-ates-sade-dustugu-yeri-yakmaz\/\">Enerji Sava\u015f\u0131 Fitili Ate\u015flenince, Do\u011fu Akdeniz\u2019de Ate\u015f Sade D\u00fc\u015ft\u00fc\u011f\u00fc Yeri Yakmaz<\/a><\/p>\n<p><a href=\"https:\/\/www.enerjigazetesi.ist\/rota-degisse-de-turk-akiminda-menzile-akis-berkemal-seyre-devam\/\">Rota De\u011fi\u015fse de T\u00fcrk Ak\u0131m\u0131\u2019nda Menzile Ak\u0131\u015f Berkemal, Seyre Devam\u2026<\/a><\/p>\n<p><a href=\"https:\/\/www.enerjigazetesi.ist\/enerji-ozelinde-arnavutluka-ve-bayrak-gunu-resepsiyonuna-bakis\/\">Enerji \u00d6zelinde Arnavutluk\u2019a ve Bayrak G\u00fcn\u00fc Resepsiyonuna Bak\u0131\u015f\u2026<\/a><\/p>\n<p><a href=\"https:\/\/www.enerjigazetesi.ist\/cocuk-haklarina-temiz-cevre-ve-enerji-ozelinde-dokunuslar\/\">\u00c7ocuk Haklar\u0131na, Temiz \u00c7evre ve Enerji \u00d6zelinde Dokunu\u015flar\u2026<\/a><\/p>\n<p><a href=\"https:\/\/www.enerjigazetesi.ist\/prof-dr-ilber-ortayli-yapilan-soyleside-baku-enerji-kaynaklarini-isaret-etti\/\">Prof.Dr.\u0130lber Ortayl\u0131, Yap\u0131lan S\u00f6yle\u015fide Bak\u00fc Enerji Kaynaklar\u0131n\u0131 \u0130\u015faret Etti\u2026<\/a><\/p>\n<p><a href=\"https:\/\/www.enerjigazetesi.ist\/dunyada-ve-avrupada-son-donem-yenilenebilir-enerji-adimlari-ve-turkiye\/\">D\u00fcnya Geneli ve Avrupa\u2019da Son D\u00f6nem Yenilenebilir Enerji Ad\u0131mlar\u0131 ve Projeksiyonlar\u0131ndan T\u00fcrkiye \u00d6zelinde Bak\u0131\u015f<\/a><\/p>\n<p><a href=\"https:\/\/www.enerjigazetesi.ist\/irak-kurt-bolgesel-yonetimi-cephesinde-enerji-perspektifine-giris\/\">Irak K\u00fcrt B\u00f6lgesel Y\u00f6netimi Cephesinde Enerji Perspektifi\u2019ne Giri\u015f<\/a><\/p>\n<p><a href=\"https:\/\/www.enerjigazetesi.ist\/sabotaj-ve-fidye-perspektifinde-enerji-santrallerine-siber-saldiri-dokunuslari\/\">Bili\u015fim Yoluyla Sabotaj ve Fidye Perspektifinde Enerji Santrallar\u0131na Siber Sald\u0131r\u0131 Dokunu\u015flar\u0131<\/a><\/p>\n<p><a href=\"https:\/\/www.enerjigazetesi.ist\/acaba-sigirlar-filistinin-elektrik-meselesine-pansuman-olacak-mi\/\">Acaba S\u0131\u011f\u0131rlar Filistin\u2019in Elektrik Meselesine Pansuman Olacak M\u0131?<\/a><\/p>\n<p><a href=\"https:\/\/www.enerjigazetesi.ist\/86-izmir-fuarindan-akkuyu-nukleer-guc-santrali-projesine-bakis\/\">86.\u0130zmir Fuar\u0131\u2019ndan Akkuyu N\u00fckleer G\u00fc\u00e7 Santrali Projesi\u2019ne Bak\u0131\u015f\u2026<\/a><\/p>\n<p><a href=\"https:\/\/www.enerjigazetesi.ist\/masadaki-sessiz-firtina-cin-damasinda-yeka-ruzgarini-arkasina-aldi\/\">Masadaki Sessiz F\u0131rt\u0131na, \u00c7in Damas\u0131nda Yeka R\u00fczgar\u0131n\u0131 Arkas\u0131na Ald\u0131<\/a><\/p>\n<p><a href=\"https:\/\/www.enerjigazetesi.ist\/kose-yazisi-arap-yarimadasinin-dogusundaki-elips-inci-katar\/\">Arap Yar\u0131madas\u0131\u2019nin Do\u011fusundaki Elips \u0130nci \u2013 Katar<\/a><\/p>\n<p><a href=\"https:\/\/www.enerjigazetesi.ist\/petrol-kongresi-sonrasi-botasa-tpic-ve-petrol-is-ekseninde-bakis\/\">D\u00fcnya Petrol Kongresi Sonras\u0131 Bota\u015f\u2019a Tpic ve Petrol-\u0130\u015f Ekseninde Bak\u0131\u015f\u2026<\/a><\/p>\n<p><a href=\"https:\/\/www.enerjigazetesi.ist\/kose-yazisi-22-inci-petrol-kongresinde-turkiye-nukleer-santral-vizyonu\/\">22 inci Petrol Kongresinde T\u00fcrkiye N\u00fckleer Santral Vizyonu\u2026<\/a><\/p>\n<p><a href=\"https:\/\/www.enerjigazetesi.ist\/kose-yazisi-landfill-gas-lfg-cop-gazindan-elektrik-enerjisi-kivilcimlari\/\">Landfill Gas \u2013 LFG \u00c7\u00f6p Gaz\u0131ndan Elektrik Enerjisi K\u0131v\u0131lc\u0131mlar\u0131<\/a><\/p>\n<p><a href=\"https:\/\/www.enerjigazetesi.ist\/yesil-isvec-vizyonundan-cocuklara-cevre-duyarli-sanal-hayvanat-bahcesine\/\">Ye\u015fil \u0130sve\u00e7 Vizyonundan, \u00c7ocuklara \u00c7evre Duyarl\u0131 Sanal Hayvanat Bah\u00e7esine<\/a><\/p>\n<p><a href=\"https:\/\/www.enerjigazetesi.ist\/hiz-koridoru-uygulamasi-cevre-etkisi-avrupa-ornegi-paris-iklim-ant-degis\/\">H\u0131z Koridoru Uygulamas\u0131 \u00c7evre Etkisi, Avrupa \u00d6rne\u011fi, Paris \u0130klim Ant. De\u011fi\u015fikli\u011fi<\/a><\/p>\n<p><a href=\"https:\/\/www.enerjigazetesi.ist\/kose-yazisi-macronun-temiz-enerji-yesil-teknoloji-cevre-ve-iklim-vizyonu\/\">Macron\u2019un Temiz Enerji, Ye\u015fil Teknoloji \u00c7evre ve \u0130klim Vizyonu<\/a><\/p>\n<p><a href=\"https:\/\/www.enerjigazetesi.ist\/turkiyede-surdurulebilir-enerji-finansmaninda-ebrd-turseff-midseff\/\">T\u00fcrkiye\u2019de S\u00fcrd\u00fcr\u00fclebilir Enerji Finansman\u0131\u2019nda EBRD, TurSEFF , MidSEFF<\/a><\/p>\n<p><a href=\"Enerji%20Sekt\u00f6r\u00fcnde Giri\u015fim ve B\u00fcy\u00fcme F\u0131rsatlar\u0131\">Enerji Sekt\u00f6r\u00fcnde Giri\u015fim ve B\u00fcy\u00fcme F\u0131rsatlar\u0131<\/a><\/p>\n<p><a href=\"https:\/\/www.enerjigazetesi.ist\/kose-yazisi-global-sera-gazi-emisyonu-2026da-tavana-carpacak\/\">Global Sera Gaz\u0131 Emisyonu 2026\u2032da Tavana \u00c7arpacak<\/a><\/p>\n<p><a href=\"https:\/\/www.enerjigazetesi.ist\/gunes-mimarisinde-cam-kiremit-glass-tile-ile-konut-isitma-sistemi\/\">G\u00fcne\u015f Mimarisinde Cam Kiremit \u201cGlass Tile\u201d \u0130le Konut Is\u0131tma Sistemi<\/a><\/p>\n<p><a href=\"https:\/\/www.enerjigazetesi.ist\/kose-yazisi-yenilenebilir-enerjide-hitit-gunesi-universitesi-mujdesi\/\">Yenilenebilir Enerjide Hitit G\u00fcne\u015fi ( \u00dcniversitesi ) M\u00fcjdesi!<\/a><\/p>\n<p><a href=\"https:\/\/www.enerjigazetesi.ist\/kose-yazisi-epdk-biodiesel-ve-harmanlama-duzenlemeleri\/\">EPDK Biodiesel ve Harmanlama D\u00fczenlemeleri\u2026<\/a><\/p>\n<p><a href=\"https:\/\/www.enerjigazetesi.ist\/kose-yazisi-turk-akimi-akintiya-kapilmadan-olagan-akisinda\/\">T\u00fcrk Ak\u0131m\u0131, Ak\u0131nt\u0131ya Kap\u0131lmadan, Ola\u011fan Ak\u0131\u015f\u0131nda\u2026<\/a><\/p>\n<p><a href=\"https:\/\/www.enerjigazetesi.ist\/7-uluslararasi-yuzde-100-yenilenebilir-enerji-konferansi-sonuc-raporu\/\">7. Uluslararas\u0131 %100 Yenilenebilir Enerji Konferans\u0131 Sonu\u00e7 Raporu<\/a><\/p>","protected":false},"excerpt":{"rendered":"<p>Sorry, this entry is only available in Turkish. For the sake of viewer convenience, the content is shown below in the alternative language. You may click the link to switch the active language.Enerji Sekt\u00f6r\u00fc H\u00fck\u00fcmet Politikalar\u0131 ve Enerji Diplomasisi Ba\u011flamsall\u0131\u011f\u0131 CLC 360 \u2013 MIM Chi 360 Perspektifli \u201cGelece\u011fe De\u011fer\u201d Projesine Dokunu\u015flar CLC 360 Etik Enerji [&hellip;]<\/p>\n","protected":false},"author":1,"featured_media":0,"parent":18284,"menu_order":0,"comment_status":"open","ping_status":"closed","template":"","meta":[],"_links":{"self":[{"href":"https:\/\/www.enerjigazetesi.ist\/en\/wp-json\/wp\/v2\/pages\/65726"}],"collection":[{"href":"https:\/\/www.enerjigazetesi.ist\/en\/wp-json\/wp\/v2\/pages"}],"about":[{"href":"https:\/\/www.enerjigazetesi.ist\/en\/wp-json\/wp\/v2\/types\/page"}],"author":[{"embeddable":true,"href":"https:\/\/www.enerjigazetesi.ist\/en\/wp-json\/wp\/v2\/users\/1"}],"replies":[{"embeddable":true,"href":"https:\/\/www.enerjigazetesi.ist\/en\/wp-json\/wp\/v2\/comments?post=65726"}],"version-history":[{"count":36,"href":"https:\/\/www.enerjigazetesi.ist\/en\/wp-json\/wp\/v2\/pages\/65726\/revisions"}],"predecessor-version":[{"id":82608,"href":"https:\/\/www.enerjigazetesi.ist\/en\/wp-json\/wp\/v2\/pages\/65726\/revisions\/82608"}],"up":[{"embeddable":true,"href":"https:\/\/www.enerjigazetesi.ist\/en\/wp-json\/wp\/v2\/pages\/18284"}],"wp:attachment":[{"href":"https:\/\/www.enerjigazetesi.ist\/en\/wp-json\/wp\/v2\/media?parent=65726"}],"curies":[{"name":"wp","href":"https:\/\/api.w.org\/{rel}","templated":true}]}}